{"id":506,"date":"2018-12-06T15:47:48","date_gmt":"2018-12-06T14:47:48","guid":{"rendered":"http:\/\/ccjlvd.jabron.org\/?page_id=506"},"modified":"2026-04-14T09:23:16","modified_gmt":"2026-04-14T07:23:16","slug":"noyers-sur-jabron","status":"publish","type":"page","link":"https:\/\/ccjlvd.fr\/index.php\/territoire\/communes-2\/noyers-sur-jabron\/","title":{"rendered":"Noyers sur jabron"},"content":{"rendered":"<p>\u00a0<img loading=\"lazy\" decoding=\"async\" class=\"alignnone size-medium wp-image-7323\" src=\"https:\/\/ccjlvd.fr\/wp-content\/uploads\/2026\/04\/20250625_115341-169x300.jpg\" alt=\"\" width=\"169\" height=\"300\" srcset=\"https:\/\/ccjlvd.fr\/wp-content\/uploads\/2026\/04\/20250625_115341-169x300.jpg 169w, https:\/\/ccjlvd.fr\/wp-content\/uploads\/2026\/04\/20250625_115341-576x1024.jpg 576w, https:\/\/ccjlvd.fr\/wp-content\/uploads\/2026\/04\/20250625_115341-768x1365.jpg 768w, https:\/\/ccjlvd.fr\/wp-content\/uploads\/2026\/04\/20250625_115341-864x1536.jpg 864w, https:\/\/ccjlvd.fr\/wp-content\/uploads\/2026\/04\/20250625_115341-1152x2048.jpg 1152w, https:\/\/ccjlvd.fr\/wp-content\/uploads\/2026\/04\/20250625_115341-scaled.jpg 1441w\" sizes=\"auto, (max-width: 169px) 100vw, 169px\" \/> <img loading=\"lazy\" decoding=\"async\" class=\"alignnone size-medium wp-image-7324\" src=\"https:\/\/ccjlvd.fr\/wp-content\/uploads\/2026\/04\/20260414_084152-300x139.jpg\" alt=\"\" width=\"300\" height=\"139\" srcset=\"https:\/\/ccjlvd.fr\/wp-content\/uploads\/2026\/04\/20260414_084152-300x139.jpg 300w, https:\/\/ccjlvd.fr\/wp-content\/uploads\/2026\/04\/20260414_084152-1024x473.jpg 1024w, https:\/\/ccjlvd.fr\/wp-content\/uploads\/2026\/04\/20260414_084152-768x355.jpg 768w, https:\/\/ccjlvd.fr\/wp-content\/uploads\/2026\/04\/20260414_084152-1536x710.jpg 1536w, https:\/\/ccjlvd.fr\/wp-content\/uploads\/2026\/04\/20260414_084152-2048x946.jpg 2048w\" sizes=\"auto, (max-width: 300px) 100vw, 300px\" \/> <img loading=\"lazy\" decoding=\"async\" class=\"alignnone size-medium wp-image-7325\" src=\"https:\/\/ccjlvd.fr\/wp-content\/uploads\/2026\/04\/20260414_084159-300x171.jpg\" alt=\"\" width=\"300\" height=\"171\" srcset=\"https:\/\/ccjlvd.fr\/wp-content\/uploads\/2026\/04\/20260414_084159-300x171.jpg 300w, https:\/\/ccjlvd.fr\/wp-content\/uploads\/2026\/04\/20260414_084159-1024x583.jpg 1024w, https:\/\/ccjlvd.fr\/wp-content\/uploads\/2026\/04\/20260414_084159-768x437.jpg 768w, https:\/\/ccjlvd.fr\/wp-content\/uploads\/2026\/04\/20260414_084159-1536x874.jpg 1536w, https:\/\/ccjlvd.fr\/wp-content\/uploads\/2026\/04\/20260414_084159-2048x1165.jpg 2048w\" sizes=\"auto, (max-width: 300px) 100vw, 300px\" \/><\/p>\r\n<div class=\"wp-block-group\">\r\n<div class=\"wp-block-jetpack-tiled-gallery aligncenter is-style-rectangular\">\r\n<div class=\"tiled-gallery__gallery\">\r\n<div class=\"tiled-gallery__row\">\r\n<div class=\"tiled-gallery__col\" style=\"flex-basis: 22.032611306843012%;\">\r\n<figure class=\"tiled-gallery__item\"><\/figure>\r\n<\/div>\r\n<\/div>\r\n<\/div>\r\n<\/div>\r\n<\/div>\r\n<!-- \/wp:post-content -->\r\n\r\n<!-- wp:paragraph -->\r\n<p>Situ\u00e9 en rive gauche au pied de la montagne de l\u2019Ubac, \u00e0 550 m\u00e8tres d\u2019altitude, Noyers sur Jabron \u00e9tait le Chef lieu de Canton.<\/p>\r\n<!-- \/wp:paragraph -->\r\n\r\n<!-- wp:paragraph -->\r\n<p>La commune s\u2019\u00e9tend s\u2019\u00e9tend sur 5.658 ha, d\u00e9limit\u00e9e au N.O. par le col St-Pierre (1280m), au N.E. le rocher de Pierre Impie (1230m), au Sud, le sommet de Lure (1826m).<br \/>NOYERS, autrefois Noguerium, vient du latin Nucerutum (lieu plant\u00e9 de noyers). Jadis, noix et amandes \u00e9taient une des ressources principales du pays. Photo ancienne du village<\/p>\r\n<!-- \/wp:paragraph -->\r\n\r\n<!-- wp:table -->\r\n<figure class=\"wp-block-table\">\r\n<table>\r\n<tbody>\r\n<tr>\r\n<td>\u00a0<\/td>\r\n<td>Selon Ernest N\u00e8gre*, la localit\u00e9 appara\u00eet pour la premi\u00e8re fois dans les textes en\u00a01168, sous le nom de\u00a0de Nogueriis, d\u00e9riv\u00e9 de l\u2019occitan\u00a0nougi\u00e9, (lou nougi\u00e9\u00a0: le noyers).Les habitants de la commune sont d\u00e9nomm\u00e9s, les Nuc\u00e9tois. Ils sont au nombre de 376 au recensement de 2009. <em>*Ernest N\u00e8gre fut toponymiste et sp\u00e9cialiste d\u2019Occitan.<\/em><\/td>\r\n<\/tr>\r\n<\/tbody>\r\n<\/table>\r\n<\/figure>\r\n<!-- \/wp:table -->\r\n\r\n<!-- wp:heading {\"level\":6} -->\r\n<h6 id=\"a-voir\">\u00c0 voir<\/h6>\r\n<!-- \/wp:heading -->\r\n<p><!--StartFragment--><\/p>\r\n<!-- wp:table -->\r\n<figure class=\"wp-block-table\">\r\n<table>\r\n<tbody>\r\n<tr>\r\n<td><strong>\u2022 Le ch\u00e2teau <br \/>de la Grande-Bastide,<\/strong><br \/>un peu \u00e0 l\u2019\u00e9cart du village, est construit au d\u00e9but du\u00a0XVIIe\u00a0si\u00e8cle. <br \/><br \/><strong>\u2022 L\u2019\u00e9glise\u00a0paroissiale,<\/strong><br \/>est construite au village bas en m\u00eame temps que le\u00a0presbyt\u00e8re\u00a0et l\u2019\u00e9cole. Elle est achev\u00e9e en 1861. Construite avec une\u00a0nef unique de trois\u00a0trav\u00e9es\u00a0vo\u00fbt\u00e9es en berceau, sans\u00a0bas-c\u00f4t\u00e9s, mais bord\u00e9e de six chapelles lat\u00e9rales. L\u2019abside\u00a0est couverte en\u00a0cul-de-four. Le clocher est une tour construite contre le ch\u0153ur, dans le style alpin.<\/td>\r\n<td><strong>\u2022 Au Vieux-Noyers <br \/>(ou Haut-Noyers),<\/strong><br \/>l\u2019ancien site du village situ\u00e9 \u00e0 1000 m\u00e8tres, se trouvent notamment les restes du ch\u00e2teau du\u00a0XIIIe\u00a0si\u00e8cle, les ruines de l\u2019ancien village, et l\u2019\u00e9glise Notre-Dame-de-Bethl\u00e9em et Sainte-Euph\u00e9mie, ou de Haut-Noyers. Cette derni\u00e8re, ancienne d\u00e9pendance du\u00a0prieur\u00e9\u00a0de\u00a0Ganagobie, est construite du\u00a0XIIIe\u00a0si\u00e8cle. C\u2019est l\u2019une des plus grandes \u00e9glises du d\u00e9partement (32 x 12 m).<br \/>Sa cloche date de\u00a01549. Elle a \u00e9t\u00e9 restaur\u00e9e dans les\u00a0ann\u00e9es 1970 et est class\u00e9e\u00a0monu<\/td>\r\n<\/tr>\r\n<\/tbody>\r\n<\/table>\r\n<\/figure>\r\n<!-- \/wp:table -->\r\n\r\n<!-- wp:heading {\"level\":4} \/-->\r\n\r\n<!-- wp:file {\"id\":3987,\"href\":\"https:\/\/ccjlvd.fr\/wp-content\/uploads\/2022\/01\/SVE-URBANISME-CGU-1.pdf\",\"showDownloadButton\":false,\"displayPreview\":false} \/-->\r\n\r\n<!-- wp:heading {\"level\":6} \/-->\r\n\r\n<!-- wp:heading {\"level\":4} \/-->\r\n\r\n<!-- wp:file {\"id\":4399,\"href\":\"https:\/\/ccjlvd.fr\/wp-content\/uploads\/2022\/10\/Compte-rendu-du-22-septembre-2022.pdf\",\"showDownloadButton\":false,\"displayPreview\":false} \/-->\r\n\r\n<!-- wp:file {\"id\":4309,\"href\":\"https:\/\/ccjlvd.fr\/wp-content\/uploads\/2022\/09\/compte-rendu-conseil-du-6-juillet-2022-1.pdf\",\"showDownloadButton\":false,\"displayPreview\":false} \/-->\r\n\r\n<!-- wp:file {\"id\":4186,\"href\":\"https:\/\/ccjlvd.fr\/wp-content\/uploads\/2022\/06\/COMPTE-RENDU-CONSEIL-NOYERS-DU-23-MAI.pdf\",\"showDownloadButton\":false,\"displayPreview\":false} \/-->\r\n\r\n<!-- wp:file {\"id\":3899,\"href\":\"https:\/\/ccjlvd.fr\/wp-content\/uploads\/2021\/12\/compte-rendu-modifier-du-16-novembe-2021-1.pdf\",\"showDownloadButton\":false,\"displayPreview\":false} \/-->\r\n\r\n<!-- wp:file {\"id\":3875,\"href\":\"https:\/\/ccjlvd.fr\/wp-content\/uploads\/2021\/12\/20211209165517586.pdf\",\"showDownloadButton\":false,\"displayPreview\":false} \/-->\r\n\r\n<!-- wp:file {\"id\":3872,\"href\":\"https:\/\/ccjlvd.fr\/wp-content\/uploads\/2021\/12\/20211209165407730.pdf\",\"showDownloadButton\":false,\"displayPreview\":false} \/-->\r\n<p><!--EndFragment--><\/p>\r\n<!-- wp:file {\"id\":3754,\"href\":\"https:\/\/ccjlvd.fr\/wp-content\/uploads\/2021\/08\/Compte-rendu-conseil-municipal-du-12-juillet-2021.pdf\",\"showDownloadButton\":false,\"displayPreview\":false} \/-->\r\n\r\n<!-- wp:file {\"id\":3866,\"href\":\"https:\/\/ccjlvd.fr\/wp-content\/uploads\/2021\/12\/20211209165224343.pdf\",\"showDownloadButton\":false,\"displayPreview\":false} \/-->\r\n\r\n<!-- wp:file {\"id\":3864,\"href\":\"https:\/\/ccjlvd.fr\/wp-content\/uploads\/2021\/12\/20211209165109537.pdf\",\"showDownloadButton\":false,\"displayPreview\":false} \/-->\r\n\r\n<!-- wp:file {\"id\":3862,\"href\":\"https:\/\/ccjlvd.fr\/wp-content\/uploads\/2021\/12\/20211209165018286.pdf\",\"showDownloadButton\":false,\"displayPreview\":false} \/-->\r\n\r\n<!-- wp:file {\"id\":3500,\"href\":\"https:\/\/ccjlvd.fr\/wp-content\/uploads\/2021\/01\/Compte-rendu-du-14-decembre-2020.pdf\",\"showDownloadButton\":false,\"displayPreview\":false} \/-->\r\n\r\n<!-- wp:file {\"id\":3255,\"href\":\"https:\/\/ccjlvd.fr\/wp-content\/uploads\/2020\/10\/Compte-rendu-cm-du-7-octobre-2020.pdf\",\"showDownloadButton\":false} \/-->\r\n\r\n<!-- wp:file {\"id\":3187,\"href\":\"https:\/\/ccjlvd.fr\/wp-content\/uploads\/2020\/09\/compte-rendu-du-3-septembre-2020.pdf\",\"showDownloadButton\":false} \/-->\r\n\r\n<!-- wp:file {\"id\":3164,\"href\":\"https:\/\/ccjlvd.fr\/wp-content\/uploads\/2020\/07\/compte-rendu-du-10-juillet-20-1.pdf\",\"showDownloadButton\":false} \/-->","protected":false},"excerpt":{"rendered":"<p>\u00a0 Situ\u00e9 en rive gauche au pied de la montagne de l\u2019Ubac, \u00e0 550 m\u00e8tres d\u2019altitude, Noyers sur Jabron \u00e9tait le Chef lieu de Canton. La commune s\u2019\u00e9tend s\u2019\u00e9tend sur 5.658 ha, d\u00e9limit\u00e9e au N.O. par le col St-Pierre (1280m), au N.E. le rocher de Pierre Impie (1230m), au Sud, le sommet de Lure (1826m).NOYERS, <a class=\"more-link\" href=\"https:\/\/ccjlvd.fr\/index.php\/territoire\/communes-2\/noyers-sur-jabron\/\">Lire plus &#8230;<\/a><\/p>\n","protected":false},"author":3,"featured_media":0,"parent":1554,"menu_order":2,"comment_status":"closed","ping_status":"closed","template":"","meta":{"_crdt_document":"","jetpack_post_was_ever_published":false,"footnotes":""},"class_list":["post-506","page","type-page","status-publish","hentry"],"jetpack_sharing_enabled":true,"jetpack_shortlink":"https:\/\/wp.me\/Paa2VA-8a","_links":{"self":[{"href":"https:\/\/ccjlvd.fr\/index.php\/wp-json\/wp\/v2\/pages\/506","targetHints":{"allow":["GET"]}}],"collection":[{"href":"https:\/\/ccjlvd.fr\/index.php\/wp-json\/wp\/v2\/pages"}],"about":[{"href":"https:\/\/ccjlvd.fr\/index.php\/wp-json\/wp\/v2\/types\/page"}],"author":[{"embeddable":true,"href":"https:\/\/ccjlvd.fr\/index.php\/wp-json\/wp\/v2\/users\/3"}],"replies":[{"embeddable":true,"href":"https:\/\/ccjlvd.fr\/index.php\/wp-json\/wp\/v2\/comments?post=506"}],"version-history":[{"count":137,"href":"https:\/\/ccjlvd.fr\/index.php\/wp-json\/wp\/v2\/pages\/506\/revisions"}],"predecessor-version":[{"id":7326,"href":"https:\/\/ccjlvd.fr\/index.php\/wp-json\/wp\/v2\/pages\/506\/revisions\/7326"}],"up":[{"embeddable":true,"href":"https:\/\/ccjlvd.fr\/index.php\/wp-json\/wp\/v2\/pages\/1554"}],"wp:attachment":[{"href":"https:\/\/ccjlvd.fr\/index.php\/wp-json\/wp\/v2\/media?parent=506"}],"curies":[{"name":"wp","href":"https:\/\/api.w.org\/{rel}","templated":true}]}}